{"id":13320,"date":"2023-02-23T14:13:45","date_gmt":"2023-02-23T11:13:45","guid":{"rendered":"https:\/\/www.mandellaistanbul.com\/product\/gilet-a-poches-bicolore-v9\/"},"modified":"2024-10-08T22:29:13","modified_gmt":"2024-10-08T19:29:13","slug":"chemise-a-motifs-noire-et-blanche","status":"publish","type":"product","link":"https:\/\/www.mandellaistanbul.com\/fr\/produit\/chemise-a-motifs-noire-et-blanche\/","title":{"rendered":"Chemise \u00e0 motifs noire et blanche"},"content":{"rendered":"<h3>Chemise \u00e0 motifs noirs et blancs : \u00e9l\u00e9gance intemporelle et design moderne<\/h3>\n<p><strong>Collection de chemises \u00e0 motifs noirs et blancs de Mandella Istanbul<\/strong><\/p>\n<p>Mandella Istanbul est l\u00e0 avec sa collection de <a href=\"https:\/\/www.mandellaistanbul.com\/toptan-gomlek\/\">chemises toptan<\/a> \u00e0 motifs noirs et blancs qui allie style classique et moderne. Nous proposons une option id\u00e9ale pour vos clients commerciaux \u00e0 la recherche d&#8217;une \u00e9l\u00e9gance intemporelle et de designs accrocheurs dans votre magasin. Tout ce que vous devez savoir sur ces chemises con\u00e7ues avec la combinaison sophistiqu\u00e9e du noir et du blanc :<\/p>\n<h4>Mod\u00e8les de chemises \u00e0 motifs noirs et blancs<\/h4>\n<p>Mandella Istanbul propose une large gamme de produits qui plaisent \u00e0 tous les go\u00fbts avec ses mod\u00e8les de chemises \u00e0 motifs noirs et blancs. Il existe de nombreuses options de design diff\u00e9rentes, des lignes classiques aux motifs g\u00e9om\u00e9triques modernes. Pr\u00e9par\u00e9es avec l&#8217;harmonie parfaite du noir et du blanc, ces chemises sont la cl\u00e9 pour atteindre l&#8217;\u00e9l\u00e9gance aussi bien dans la vie professionnelle que dans l&#8217;usage quotidien. Propos\u00e9es dans diff\u00e9rentes coupes et styles, ces chemises offrent des options qui s&#8217;adaptent au style et aux besoins de chaque client.<\/p>\n<h4>Qualit\u00e9 et confort<\/h4>\n<p>En tant que Mandella Istanbul, nous refl\u00e9tons l&#8217;importance que nous accordons \u00e0 la qualit\u00e9 et \u00e0 la satisfaction du client dans nos chemises \u00e0 motifs noirs et blancs. Fabriqu\u00e9es avec des tissus de haute qualit\u00e9 et une finition soign\u00e9e, ces chemises offrent une utilisation durable et confortable. Elles offrent un confort tout au long de la journ\u00e9e gr\u00e2ce \u00e0 leurs tissus doux pour la peau et respirants. De plus, ces chemises, faciles \u00e0 repasser et \u00e0 entretenir, facilitent la vie de vos clients.<\/p>\n<h4>Prix des chemises \u00e0 motifs noirs et blancs<\/h4>\n<p>Mandella Istanbul propose ses chemises \u00e0 motifs noirs et blancs \u00e0 des prix de gros abordables. Nous offrons \u00e0 nos clients commerciaux la possibilit\u00e9 de proposer des produits de qualit\u00e9 et \u00e9l\u00e9gants avec des options adapt\u00e9es \u00e0 leur budget. Vous pouvez trouver une large gamme dans diff\u00e9rentes gammes de prix dans notre collection et choisir les chemises qui conviennent le mieux au style de votre magasin. Gr\u00e2ce aux remises et aux campagnes que nous proposons \u00e0 certaines p\u00e9riodes, vous pouvez acheter ces chemises \u00e9l\u00e9gantes \u00e0 des prix plus abordables. Visitez r\u00e9guli\u00e8rement notre site Web pour conna\u00eetre les campagnes en cours et les offres sp\u00e9ciales.<\/p>\n<h4>Commandez maintenant<\/h4>\n<p>Vous pouvez apporter l&#8217;\u00e9l\u00e9gance intemporelle des chemises \u00e0 motifs noirs et blancs \u00e0 votre magasin en passant imm\u00e9diatement une commande en gros sur notre site Web. Ayez toujours une longueur d&#8217;avance avec Mandella Istanbul et offrez \u00e0 vos clients les meilleurs produits. Gr\u00e2ce \u00e0 l&#8217;importance que nous accordons \u00e0 la satisfaction de nos clients, nous vous livrons vos commandes rapidement et en toute s\u00e9curit\u00e9. Renouvelez votre magasin et soyez toujours \u00e0 votre meilleur en achetant en gros chez Mandella Istanbul, o\u00f9 qualit\u00e9 et style se rencontrent !<\/p>\n","protected":false},"excerpt":{"rendered":"<p>La chemise \u00e0 poche double couleur V9 r\u00e9v\u00e8le sa diff\u00e9rence avec son design moderne et le d\u00e9tail de ses poches.<\/p>\n","protected":false},"featured_media":13196,"comment_status":"open","ping_status":"closed","template":"","meta":[],"product_brand":[],"product_cat":[142,197],"product_tag":[],"class_list":{"0":"post-13320","1":"product","2":"type-product","3":"status-publish","4":"has-post-thumbnail","6":"product_cat-vente-en-gros-chemises","7":"product_cat-chemises-a-poches","8":"pa_beden-l-fr","9":"pa_beden-m-fr","10":"pa_beden-xl-fr","11":"pa_beden-xxl-fr","13":"first","14":"instock","15":"taxable","16":"shipping-taxable","17":"purchasable","18":"product-type-simple"},"_links":{"self":[{"href":"https:\/\/www.mandellaistanbul.com\/fr\/wp-json\/wp\/v2\/product\/13320","targetHints":{"allow":["GET"]}}],"collection":[{"href":"https:\/\/www.mandellaistanbul.com\/fr\/wp-json\/wp\/v2\/product"}],"about":[{"href":"https:\/\/www.mandellaistanbul.com\/fr\/wp-json\/wp\/v2\/types\/product"}],"replies":[{"embeddable":true,"href":"https:\/\/www.mandellaistanbul.com\/fr\/wp-json\/wp\/v2\/comments?post=13320"}],"version-history":[{"count":2,"href":"https:\/\/www.mandellaistanbul.com\/fr\/wp-json\/wp\/v2\/product\/13320\/revisions"}],"predecessor-version":[{"id":18221,"href":"https:\/\/www.mandellaistanbul.com\/fr\/wp-json\/wp\/v2\/product\/13320\/revisions\/18221"}],"wp:featuredmedia":[{"embeddable":true,"href":"https:\/\/www.mandellaistanbul.com\/fr\/wp-json\/wp\/v2\/media\/13196"}],"wp:attachment":[{"href":"https:\/\/www.mandellaistanbul.com\/fr\/wp-json\/wp\/v2\/media?parent=13320"}],"wp:term":[{"taxonomy":"product_brand","embeddable":true,"href":"https:\/\/www.mandellaistanbul.com\/fr\/wp-json\/wp\/v2\/product_brand?post=13320"},{"taxonomy":"product_cat","embeddable":true,"href":"https:\/\/www.mandellaistanbul.com\/fr\/wp-json\/wp\/v2\/product_cat?post=13320"},{"taxonomy":"product_tag","embeddable":true,"href":"https:\/\/www.mandellaistanbul.com\/fr\/wp-json\/wp\/v2\/product_tag?post=13320"}],"curies":[{"name":"wp","href":"https:\/\/api.w.org\/{rel}","templated":true}]}}